{"id":164,"date":"2022-02-17T11:47:29","date_gmt":"2022-02-17T11:47:29","guid":{"rendered":"https:\/\/terranova.lu\/?page_id=164"},"modified":"2026-04-22T07:26:33","modified_gmt":"2026-04-22T07:26:33","slug":"naechste-kultur-events-im-terranova","status":"publish","type":"page","link":"https:\/\/terranova.lu\/?page_id=164","title":{"rendered":"Kultur-Events im Terranova"},"content":{"rendered":"\n<p class=\"has-large-font-size\"><strong><mark style=\"background-color:rgba(0, 0, 0, 0)\" class=\"has-inline-color has-accent-color\"><strong><mark style=\"background-color:rgba(0, 0, 0, 0)\" class=\"has-inline-color has-accent-color\">Samstag, 9. Mai 2026, 18.00 Uhr &#8211; franz\u00f6sisch-deutsche Lesung mit Cello-Begleitung: Christiane Antoniades- Menge &#171;Le bleu des origines&#187; \/ &#171;Das Blau der Urspr\u00fcnge&#187;<\/mark><\/strong><\/mark><\/strong> <\/p>\n\n\n\n<div class=\"wp-block-columns\">\n<div class=\"wp-block-column\">\n<figure class=\"wp-block-image size-full\"><img loading=\"lazy\" width=\"314\" height=\"500\" src=\"https:\/\/terranova.lu\/wp-content\/uploads\/2026\/04\/Das_Blau_der_Urspruenge-2.webp\" alt=\"\" class=\"wp-image-631\" srcset=\"https:\/\/terranova.lu\/wp-content\/uploads\/2026\/04\/Das_Blau_der_Urspruenge-2.webp 314w, https:\/\/terranova.lu\/wp-content\/uploads\/2026\/04\/Das_Blau_der_Urspruenge-2-188x300.webp 188w\" sizes=\"(max-width: 314px) 100vw, 314px\" \/><\/figure>\n<\/div>\n\n\n\n<div class=\"wp-block-column\">\n<p>Einwanderer aus dem Schweizer Jura in Nord-italien. Ein Leben in der Fremde, an der Grenze. Beschrieben aus der Sicht eines Kindes: Ein M\u00e4dchen auf der Suche nach dem stets abwe-senden Vater. Und eine Mutter, die nur am Wochenende da ist. Erinnerungsfragmente, die sich wie die Steine eines Mosaiks wieder zum Bild f\u00fcgen.<\/p>\n<\/div>\n\n\n\n<div class=\"wp-block-column\">\n<figure class=\"wp-block-image size-large\"><img loading=\"lazy\" width=\"937\" height=\"1024\" src=\"https:\/\/terranova.lu\/wp-content\/uploads\/2026\/04\/beate-bild-1-937x1024.jpg\" alt=\"\" class=\"wp-image-632\" srcset=\"https:\/\/terranova.lu\/wp-content\/uploads\/2026\/04\/beate-bild-1-937x1024.jpg 937w, https:\/\/terranova.lu\/wp-content\/uploads\/2026\/04\/beate-bild-1-275x300.jpg 275w, https:\/\/terranova.lu\/wp-content\/uploads\/2026\/04\/beate-bild-1-768x839.jpg 768w, https:\/\/terranova.lu\/wp-content\/uploads\/2026\/04\/beate-bild-1.jpg 1077w\" sizes=\"(max-width: 937px) 100vw, 937px\" \/><figcaption>Die Cellistin Beate Schnaithmann<\/figcaption><\/figure>\n<\/div>\n<\/div>\n\n\n\n<h2>Unser Blick zur\u00fcck<\/h2>\n\n\n\n<p class=\"has-accent-color has-text-color has-small-font-size\"><strong><mark style=\"background-color:rgba(0, 0, 0, 0)\" class=\"has-inline-color has-accent-color\"><strong><mark style=\"background-color:rgba(0, 0, 0, 0)\" class=\"has-inline-color has-accent-color\">Freitag 27. M\u00e4rz &#8211; Sonntag 29. M\u00e4rz 2026. TERRANOVA am Literaturfestival LETTERA in Luzern<\/mark><\/strong><\/mark><\/strong><\/p>\n\n\n\n<p class=\"has-small-font-size\"><strong><mark style=\"background-color:rgba(0, 0, 0, 0)\" class=\"has-inline-color has-accent-color\"><strong><mark style=\"background-color:rgba(0, 0, 0, 0)\" class=\"has-inline-color has-accent-color\">Mittwoch, 25. M\u00e4rz 2026, 19.30 Uhr &#8211; eine multimediale Lesung mit Daniel Ganzfried aus seinem Roman &#171;Erich&#187; &#8211; ein Satellit des Literaturfestivals Luzern &#171;Lettera&#187; in Zusammenarbeit mit dem Salon Himmelblau.<\/mark><\/strong><\/mark><\/strong><\/p>\n\n\n\n<p class=\"has-small-font-size\"><strong><mark style=\"background-color:rgba(0, 0, 0, 0)\" class=\"has-inline-color has-accent-color\"><strong><mark style=\"background-color:rgba(0, 0, 0, 0)\" class=\"has-inline-color has-accent-color\">Mittwoch, 11. M\u00e4rz 2026, 19.30 Uhr &#8211; Lesung Tanja Milianovic &#171;Wenn wir wieder Menschen sind&#187; &#8211; in Zusammenarbeit mit der Gr\u00fcnen Partei Luzern<\/mark><\/strong><\/mark><\/strong><\/p>\n\n\n\n<div class=\"wp-block-columns\">\n<div class=\"wp-block-column\">\n<figure class=\"wp-block-image size-large\"><img loading=\"lazy\" width=\"885\" height=\"1024\" src=\"https:\/\/terranova.lu\/wp-content\/uploads\/2026\/03\/IMG_20260311_202205-885x1024.jpg\" alt=\"\" class=\"wp-image-610\" srcset=\"https:\/\/terranova.lu\/wp-content\/uploads\/2026\/03\/IMG_20260311_202205-885x1024.jpg 885w, https:\/\/terranova.lu\/wp-content\/uploads\/2026\/03\/IMG_20260311_202205-259x300.jpg 259w, https:\/\/terranova.lu\/wp-content\/uploads\/2026\/03\/IMG_20260311_202205-768x888.jpg 768w, https:\/\/terranova.lu\/wp-content\/uploads\/2026\/03\/IMG_20260311_202205.jpg 1035w\" sizes=\"(max-width: 885px) 100vw, 885px\" \/><figcaption>Die Autorin Tanja Miljanovic &#8230;<\/figcaption><\/figure>\n<\/div>\n\n\n\n<div class=\"wp-block-column\">\n<figure class=\"wp-block-image size-large\"><img loading=\"lazy\" width=\"629\" height=\"1024\" src=\"https:\/\/terranova.lu\/wp-content\/uploads\/2026\/03\/IMG_20260311_202203-2-629x1024.jpg\" alt=\"\" class=\"wp-image-611\" srcset=\"https:\/\/terranova.lu\/wp-content\/uploads\/2026\/03\/IMG_20260311_202203-2-629x1024.jpg 629w, https:\/\/terranova.lu\/wp-content\/uploads\/2026\/03\/IMG_20260311_202203-2-184x300.jpg 184w, https:\/\/terranova.lu\/wp-content\/uploads\/2026\/03\/IMG_20260311_202203-2-768x1251.jpg 768w, https:\/\/terranova.lu\/wp-content\/uploads\/2026\/03\/IMG_20260311_202203-2-943x1536.jpg 943w, https:\/\/terranova.lu\/wp-content\/uploads\/2026\/03\/IMG_20260311_202203-2.jpg 1143w\" sizes=\"(max-width: 629px) 100vw, 629px\" \/><figcaption>&#8230; im Gespr\u00e4ch mit Christian Hochstrasser &#8230;<\/figcaption><\/figure>\n<\/div>\n\n\n\n<div class=\"wp-block-column\">\n<figure class=\"wp-block-image size-large\"><img loading=\"lazy\" width=\"697\" height=\"1024\" src=\"https:\/\/terranova.lu\/wp-content\/uploads\/2026\/03\/IMG_20260311_192102-697x1024.jpg\" alt=\"\" class=\"wp-image-614\" srcset=\"https:\/\/terranova.lu\/wp-content\/uploads\/2026\/03\/IMG_20260311_192102-697x1024.jpg 697w, https:\/\/terranova.lu\/wp-content\/uploads\/2026\/03\/IMG_20260311_192102-204x300.jpg 204w, https:\/\/terranova.lu\/wp-content\/uploads\/2026\/03\/IMG_20260311_192102-768x1128.jpg 768w, https:\/\/terranova.lu\/wp-content\/uploads\/2026\/03\/IMG_20260311_192102-1046x1536.jpg 1046w, https:\/\/terranova.lu\/wp-content\/uploads\/2026\/03\/IMG_20260311_192102-1394x2048.jpg 1394w, https:\/\/terranova.lu\/wp-content\/uploads\/2026\/03\/IMG_20260311_192102-1200x1763.jpg 1200w, https:\/\/terranova.lu\/wp-content\/uploads\/2026\/03\/IMG_20260311_192102-1980x2909.jpg 1980w, https:\/\/terranova.lu\/wp-content\/uploads\/2026\/03\/IMG_20260311_192102-scaled.jpg 1743w\" sizes=\"(max-width: 697px) 100vw, 697px\" \/><figcaption>&#8230; ein Veranstaltung von Terranova in Kooperation mit den Gr\u00fcnen Stadt Luzern.<\/figcaption><\/figure>\n<\/div>\n<\/div>\n\n\n\n<p class=\"has-accent-color has-text-color has-small-font-size\"><mark style=\"background-color:rgba(0, 0, 0, 0)\" class=\"has-inline-color has-accent-color\"><mark style=\"background-color:rgba(0, 0, 0, 0)\" class=\"has-inline-color has-accent-color\"><strong><strong><mark style=\"background-color:rgba(0, 0, 0, 0)\" class=\"has-inline-color has-accent-color\"><mark style=\"background-color:rgba(0, 0, 0, 0)\" class=\"has-inline-color has-accent-color\">Freitag, 27. Februar 2026, 18.00 &#8211; 18.45 Uhr &#8211; WER LIEST WAS WARUM_04? Ein Gespr\u00e4ch mit Angela Gamma.<\/mark><\/mark> <\/strong><\/strong><\/mark><\/mark><\/p>\n\n\n\n<div class=\"wp-block-columns\">\n<div class=\"wp-block-column\">\n<figure class=\"wp-block-gallery has-nested-images columns-default is-cropped\">\n<figure class=\"wp-block-image size-large\"><img loading=\"lazy\" width=\"771\" height=\"1024\" src=\"https:\/\/terranova.lu\/wp-content\/uploads\/2026\/03\/Angela-im-Gespraech-771x1024.jpg\" alt=\"\" class=\"wp-image-606\" srcset=\"https:\/\/terranova.lu\/wp-content\/uploads\/2026\/03\/Angela-im-Gespraech-771x1024.jpg 771w, https:\/\/terranova.lu\/wp-content\/uploads\/2026\/03\/Angela-im-Gespraech-226x300.jpg 226w, https:\/\/terranova.lu\/wp-content\/uploads\/2026\/03\/Angela-im-Gespraech-768x1020.jpg 768w, https:\/\/terranova.lu\/wp-content\/uploads\/2026\/03\/Angela-im-Gespraech-1156x1536.jpg 1156w, https:\/\/terranova.lu\/wp-content\/uploads\/2026\/03\/Angela-im-Gespraech-1200x1594.jpg 1200w, https:\/\/terranova.lu\/wp-content\/uploads\/2026\/03\/Angela-im-Gespraech.jpg 1300w\" sizes=\"(max-width: 771px) 100vw, 771px\" \/><\/figure>\n<figcaption class=\"blocks-gallery-caption\">Angela Gamma im Gespr\u00e4ch mit Markus Elsener<\/figcaption><\/figure>\n<\/div>\n\n\n\n<div class=\"wp-block-column\">\n<figure class=\"wp-block-image size-large is-resized\"><img loading=\"lazy\" src=\"https:\/\/terranova.lu\/wp-content\/uploads\/2026\/03\/Angela-Apero-1024x736.jpg\" alt=\"\" class=\"wp-image-607\" width=\"287\" height=\"206\" srcset=\"https:\/\/terranova.lu\/wp-content\/uploads\/2026\/03\/Angela-Apero-1024x736.jpg 1024w, https:\/\/terranova.lu\/wp-content\/uploads\/2026\/03\/Angela-Apero-300x216.jpg 300w, https:\/\/terranova.lu\/wp-content\/uploads\/2026\/03\/Angela-Apero-768x552.jpg 768w, https:\/\/terranova.lu\/wp-content\/uploads\/2026\/03\/Angela-Apero-1536x1104.jpg 1536w, https:\/\/terranova.lu\/wp-content\/uploads\/2026\/03\/Angela-Apero-2048x1473.jpg 2048w, https:\/\/terranova.lu\/wp-content\/uploads\/2026\/03\/Angela-Apero-1200x863.jpg 1200w, https:\/\/terranova.lu\/wp-content\/uploads\/2026\/03\/Angela-Apero-1980x1424.jpg 1980w\" sizes=\"(max-width: 287px) 100vw, 287px\" \/><figcaption>Viele gute Gespr\u00e4ch beim anschliessenden Ap\u00e9ro<\/figcaption><\/figure>\n<\/div>\n<\/div>\n\n\n\n<p class=\"has-small-font-size\"><strong><mark style=\"background-color:rgba(0, 0, 0, 0)\" class=\"has-inline-color has-accent-color\"><strong><mark style=\"background-color:rgba(0, 0, 0, 0)\" class=\"has-inline-color has-accent-color\">Freitag, 23. Januar 2026, ganzer Tag &#8211; Besuch der Speicherbibliothek in B\u00fcron<\/mark><\/strong><\/mark><\/strong> <strong>&#8211; in Zusammenarbeit mit &#171;Wandern mit abl&#187;<\/strong><\/p>\n\n\n\n<div class=\"wp-block-columns\">\n<div class=\"wp-block-column\">\n<figure class=\"wp-block-image size-large is-resized\"><img loading=\"lazy\" src=\"https:\/\/terranova.lu\/wp-content\/uploads\/2026\/01\/IMG_20260123_101421-1024x633.jpg\" alt=\"\" class=\"wp-image-587\" width=\"408\" height=\"252\" srcset=\"https:\/\/terranova.lu\/wp-content\/uploads\/2026\/01\/IMG_20260123_101421-1024x633.jpg 1024w, https:\/\/terranova.lu\/wp-content\/uploads\/2026\/01\/IMG_20260123_101421-300x186.jpg 300w, https:\/\/terranova.lu\/wp-content\/uploads\/2026\/01\/IMG_20260123_101421-768x475.jpg 768w, https:\/\/terranova.lu\/wp-content\/uploads\/2026\/01\/IMG_20260123_101421-1536x950.jpg 1536w, https:\/\/terranova.lu\/wp-content\/uploads\/2026\/01\/IMG_20260123_101421-2048x1266.jpg 2048w, https:\/\/terranova.lu\/wp-content\/uploads\/2026\/01\/IMG_20260123_101421-1200x742.jpg 1200w, https:\/\/terranova.lu\/wp-content\/uploads\/2026\/01\/IMG_20260123_101421-1980x1224.jpg 1980w\" sizes=\"(max-width: 408px) 100vw, 408px\" \/><\/figure>\n<\/div>\n\n\n\n<div class=\"wp-block-column\">\n<div class=\"wp-block-image\"><figure class=\"alignright size-large is-resized\"><img loading=\"lazy\" src=\"https:\/\/terranova.lu\/wp-content\/uploads\/2026\/01\/IMG_20260123_113200-1-619x1024.jpg\" alt=\"\" class=\"wp-image-588\" width=\"183\" height=\"302\" srcset=\"https:\/\/terranova.lu\/wp-content\/uploads\/2026\/01\/IMG_20260123_113200-1-619x1024.jpg 619w, https:\/\/terranova.lu\/wp-content\/uploads\/2026\/01\/IMG_20260123_113200-1-181x300.jpg 181w, https:\/\/terranova.lu\/wp-content\/uploads\/2026\/01\/IMG_20260123_113200-1-768x1271.jpg 768w, https:\/\/terranova.lu\/wp-content\/uploads\/2026\/01\/IMG_20260123_113200-1-928x1536.jpg 928w, https:\/\/terranova.lu\/wp-content\/uploads\/2026\/01\/IMG_20260123_113200-1-1237x2048.jpg 1237w, https:\/\/terranova.lu\/wp-content\/uploads\/2026\/01\/IMG_20260123_113200-1-1200x1986.jpg 1200w, https:\/\/terranova.lu\/wp-content\/uploads\/2026\/01\/IMG_20260123_113200-1-1980x3277.jpg 1980w, https:\/\/terranova.lu\/wp-content\/uploads\/2026\/01\/IMG_20260123_113200-1-scaled.jpg 1547w\" sizes=\"(max-width: 183px) 100vw, 183px\" \/><\/figure><\/div>\n<\/div>\n<\/div>\n\n\n\n<p class=\"has-accent-color has-text-color has-small-font-size\"><strong><mark style=\"background-color:rgba(0, 0, 0, 0)\" class=\"has-inline-color has-accent-color\"><strong><mark style=\"background-color:rgba(0, 0, 0, 0)\" class=\"has-inline-color has-accent-color\">Donnerstag, 22. Januar 2026, 18.00 &#8211; 18.30 Uhr &#8211; WER LIEST WAS WARUM? Ein Gespr\u00e4ch mit B\u00e9la Rothenb\u00fchler, Dramaturg, Autor und Musiker.<\/mark><\/strong><\/mark> <\/strong><\/p>\n\n\n\n<figure class=\"wp-block-image size-full is-resized\"><img loading=\"lazy\" src=\"https:\/\/terranova.lu\/wp-content\/uploads\/2026\/01\/Bela-spricht.jpg\" alt=\"\" class=\"wp-image-586\" width=\"387\" height=\"397\" srcset=\"https:\/\/terranova.lu\/wp-content\/uploads\/2026\/01\/Bela-spricht.jpg 720w, https:\/\/terranova.lu\/wp-content\/uploads\/2026\/01\/Bela-spricht-291x300.jpg 291w\" sizes=\"(max-width: 387px) 100vw, 387px\" \/><figcaption>B\u00e9la Rothenb\u00fchler spricht mit Markus Elsener \u00fcber seine Lieblingsb\u00fccher.<\/figcaption><\/figure>\n\n\n\n<p class=\"has-accent-color has-text-color has-small-font-size\"><strong><mark style=\"background-color:rgba(0, 0, 0, 0)\" class=\"has-inline-color has-accent-color\"><strong><mark style=\"background-color:rgba(0, 0, 0, 0)\" class=\"has-inline-color has-accent-color\"><strong><mark style=\"background-color:rgba(0, 0, 0, 0)\" class=\"has-inline-color has-accent-color\"><strong><mark style=\"background-color:rgba(0, 0, 0, 0)\" class=\"has-inline-color has-accent-color\">Freitag, 16. Januar 2026, 18.00 Uhr &#8211; Autorenlesung mit Achim Bubenzer<\/mark><\/strong><\/mark><\/strong> <strong>&#8211; in Zusammenarbeit mit &#171;Klimagrosseltern&#187;, &#171;Eltern f\u00fcrs Klima&#187; und &#171;Aerztinnen und Aerzte f\u00fcr Umweltschutz&#187;<\/strong><\/mark><\/strong><\/mark><\/strong><\/p>\n\n\n\n<figure class=\"wp-block-image size-large is-resized\"><img loading=\"lazy\" src=\"https:\/\/terranova.lu\/wp-content\/uploads\/2026\/01\/KO_E-Mail-Signatur_Bubenzer_alles_gewusst_300dpi-1024x513.jpg\" alt=\"\" class=\"wp-image-585\" width=\"371\" height=\"185\" srcset=\"https:\/\/terranova.lu\/wp-content\/uploads\/2026\/01\/KO_E-Mail-Signatur_Bubenzer_alles_gewusst_300dpi-1024x513.jpg 1024w, https:\/\/terranova.lu\/wp-content\/uploads\/2026\/01\/KO_E-Mail-Signatur_Bubenzer_alles_gewusst_300dpi-300x150.jpg 300w, https:\/\/terranova.lu\/wp-content\/uploads\/2026\/01\/KO_E-Mail-Signatur_Bubenzer_alles_gewusst_300dpi-768x385.jpg 768w, https:\/\/terranova.lu\/wp-content\/uploads\/2026\/01\/KO_E-Mail-Signatur_Bubenzer_alles_gewusst_300dpi-1536x769.jpg 1536w, https:\/\/terranova.lu\/wp-content\/uploads\/2026\/01\/KO_E-Mail-Signatur_Bubenzer_alles_gewusst_300dpi-2048x1026.jpg 2048w, https:\/\/terranova.lu\/wp-content\/uploads\/2026\/01\/KO_E-Mail-Signatur_Bubenzer_alles_gewusst_300dpi-1200x601.jpg 1200w, https:\/\/terranova.lu\/wp-content\/uploads\/2026\/01\/KO_E-Mail-Signatur_Bubenzer_alles_gewusst_300dpi-1980x992.jpg 1980w\" sizes=\"(max-width: 371px) 100vw, 371px\" \/><\/figure>\n\n\n\n<p class=\"has-accent-color has-text-color has-small-font-size\"><strong><mark style=\"background-color:rgba(0, 0, 0, 0)\" class=\"has-inline-color has-accent-color\"><strong><mark style=\"background-color:rgba(0, 0, 0, 0)\" class=\"has-inline-color has-accent-color\"><strong><mark style=\"background-color:rgba(0, 0, 0, 0)\" class=\"has-inline-color has-accent-color\"><strong><mark style=\"background-color:rgba(0, 0, 0, 0)\" class=\"has-inline-color has-accent-color\">Freitag, 12. Dezember 2025, 18.00 Uhr &#8211; WER LIEST WAS WARUM? Ein Gespr\u00e4ch mit Beat Z\u00fcsli, Stadtpr\u00e4sident Luzern<\/mark><\/strong><\/mark><\/strong><\/mark><\/strong><\/mark><\/strong><\/p>\n\n\n\n<figure class=\"wp-block-image size-large is-resized\"><img loading=\"lazy\" src=\"https:\/\/terranova.lu\/wp-content\/uploads\/2025\/12\/IMG-20251213-WA0001-768x1024.jpg\" alt=\"\" class=\"wp-image-569\" width=\"253\" height=\"338\" srcset=\"https:\/\/terranova.lu\/wp-content\/uploads\/2025\/12\/IMG-20251213-WA0001-768x1024.jpg 768w, https:\/\/terranova.lu\/wp-content\/uploads\/2025\/12\/IMG-20251213-WA0001-225x300.jpg 225w, https:\/\/terranova.lu\/wp-content\/uploads\/2025\/12\/IMG-20251213-WA0001-1152x1536.jpg 1152w, https:\/\/terranova.lu\/wp-content\/uploads\/2025\/12\/IMG-20251213-WA0001-1200x1600.jpg 1200w, https:\/\/terranova.lu\/wp-content\/uploads\/2025\/12\/IMG-20251213-WA0001.jpg 1536w\" sizes=\"(max-width: 253px) 100vw, 253px\" \/><figcaption>Markus Elsener im Gespr\u00e4ch mit Stadtpr\u00e4sident Beat Z\u00fcsli<\/figcaption><\/figure>\n\n\n\n<p class=\"has-accent-color has-text-color has-small-font-size\"><strong><mark style=\"background-color:rgba(0, 0, 0, 0)\" class=\"has-inline-color has-accent-color\"><mark style=\"background-color:rgba(0, 0, 0, 0)\" class=\"has-inline-color has-accent-color\"><mark style=\"background-color:rgba(0, 0, 0, 0)\" class=\"has-inline-color has-accent-color\"><mark style=\"background-color:rgba(0, 0, 0, 0)\" class=\"has-inline-color has-accent-color\">Samstag, 6. Dezember 2025, 12.00 Uhr &#8211; WER LIEST WAS WARUM? Ein Gespr\u00e4ch mit Katharina Noetzli<\/mark><\/mark><\/mark><\/mark>, Organisationsberaterin, teilpensioniert.<\/strong><\/p>\n\n\n\n<figure class=\"wp-block-image size-full is-resized\"><img loading=\"lazy\" src=\"https:\/\/terranova.lu\/wp-content\/uploads\/2025\/11\/IMG_2224-002.jpeg\" alt=\"\" class=\"wp-image-564\" width=\"202\" height=\"217\" srcset=\"https:\/\/terranova.lu\/wp-content\/uploads\/2025\/11\/IMG_2224-002.jpeg 481w, https:\/\/terranova.lu\/wp-content\/uploads\/2025\/11\/IMG_2224-002-280x300.jpeg 280w\" sizes=\"(max-width: 202px) 100vw, 202px\" \/><figcaption>Katharina Noetzli<\/figcaption><\/figure>\n\n\n\n<p class=\"has-accent-color has-text-color has-small-font-size\"><strong><mark style=\"background-color:rgba(0, 0, 0, 0)\" class=\"has-inline-color has-accent-color\">Donnerstag, 6. November 2025, 19.30 Uhr &#8211; Zweisprachige Lesung (ital.\/dt.) mit Andrea Fazioli und Yuri Bernasconi zu &#171;Non importa dove&#187;<\/mark> und &#171;A Zurigo, sulla luna&#187;<\/strong><\/p>\n\n\n\n<figure class=\"wp-block-image size-full is-resized\"><img loading=\"lazy\" src=\"https:\/\/terranova.lu\/wp-content\/uploads\/2025\/12\/Bernasconi-Fazioli_2Cover.jpg\" alt=\"\" class=\"wp-image-570\" width=\"508\" height=\"203\" srcset=\"https:\/\/terranova.lu\/wp-content\/uploads\/2025\/12\/Bernasconi-Fazioli_2Cover.jpg 676w, https:\/\/terranova.lu\/wp-content\/uploads\/2025\/12\/Bernasconi-Fazioli_2Cover-300x120.jpg 300w\" sizes=\"(max-width: 508px) 100vw, 508px\" \/><figcaption>Yari Bernasconi und Andrea Fazioli<\/figcaption><\/figure>\n\n\n\n<p class=\"has-small-font-size\"><strong><mark style=\"background-color:rgba(0, 0, 0, 0)\" class=\"has-inline-color has-accent-color\">Freitag, 17. Oktober 2025, 19.30 Uhr &#8211; Lesung mit Peter Weingartner zu &#171;Heiligblut&#187; im Rahmen von Krimi Schweiz<\/mark><\/strong><\/p>\n\n\n\n<figure class=\"wp-block-image size-full is-resized\"><img loading=\"lazy\" src=\"https:\/\/terranova.lu\/wp-content\/uploads\/2025\/12\/Heiligblut-Weingartner.webp\" alt=\"\" class=\"wp-image-571\" width=\"334\" height=\"280\" srcset=\"https:\/\/terranova.lu\/wp-content\/uploads\/2025\/12\/Heiligblut-Weingartner.webp 676w, https:\/\/terranova.lu\/wp-content\/uploads\/2025\/12\/Heiligblut-Weingartner-300x252.webp 300w\" sizes=\"(max-width: 334px) 100vw, 334px\" \/><figcaption>Der Autor Peter Weingartner<\/figcaption><\/figure>\n\n\n\n<p class=\"has-accent-color has-text-color has-small-font-size\"><strong><mark style=\"background-color:rgba(0, 0, 0, 0)\" class=\"has-inline-color has-accent-color\">Mittwoch, 24. September 2025, 19.30 Uhr &#8211; Lesung mit Barbara Lutz zu &#171;Wo wir hingeh\u00f6ren&#187; in Zusammenarbeit mit dem Limmat Verlag<\/mark> &#8211; ein wunderbarer Roman \u00fcber die Identit\u00e4tssuche einer jungen Frau<\/strong><\/p>\n\n\n\n<figure class=\"wp-block-image size-large is-resized\"><img loading=\"lazy\" src=\"https:\/\/terranova.lu\/wp-content\/uploads\/2025\/09\/Foto-Event-1024x610.jpg\" alt=\"\" class=\"wp-image-535\" width=\"321\" height=\"191\" srcset=\"https:\/\/terranova.lu\/wp-content\/uploads\/2025\/09\/Foto-Event-1024x610.jpg 1024w, https:\/\/terranova.lu\/wp-content\/uploads\/2025\/09\/Foto-Event-300x179.jpg 300w, https:\/\/terranova.lu\/wp-content\/uploads\/2025\/09\/Foto-Event-768x458.jpg 768w, https:\/\/terranova.lu\/wp-content\/uploads\/2025\/09\/Foto-Event-1536x915.jpg 1536w, https:\/\/terranova.lu\/wp-content\/uploads\/2025\/09\/Foto-Event-2048x1220.jpg 2048w, https:\/\/terranova.lu\/wp-content\/uploads\/2025\/09\/Foto-Event-1200x715.jpg 1200w, https:\/\/terranova.lu\/wp-content\/uploads\/2025\/09\/Foto-Event-1980x1180.jpg 1980w\" sizes=\"(max-width: 321px) 100vw, 321px\" \/><figcaption>Jana Sonderegger und Barbara Lutz im Himmelrich.<\/figcaption><\/figure>\n\n\n\n<p class=\"has-small-font-size\"><strong><mark style=\"background-color:rgba(0, 0, 0, 0)\" class=\"has-inline-color has-accent-color\">&#8211; Donnerstag, 26 Juni 2025, 19.30 Uhr &#8211; Zweisprachige Lesung (ital.(dt.) mit Fabio Andina zu &#171;Sedici mesi \/ Sechzehn Monate&#187;<\/mark><\/strong><\/p>\n\n\n\n<div class=\"wp-block-columns\">\n<div class=\"wp-block-column\">\n<figure class=\"wp-block-image size-large\"><img loading=\"lazy\" width=\"1024\" height=\"625\" src=\"https:\/\/terranova.lu\/wp-content\/uploads\/2025\/06\/IMG-20250628-WA0001-1-1024x625.jpg\" alt=\"\" class=\"wp-image-517\" srcset=\"https:\/\/terranova.lu\/wp-content\/uploads\/2025\/06\/IMG-20250628-WA0001-1-1024x625.jpg 1024w, https:\/\/terranova.lu\/wp-content\/uploads\/2025\/06\/IMG-20250628-WA0001-1-300x183.jpg 300w, https:\/\/terranova.lu\/wp-content\/uploads\/2025\/06\/IMG-20250628-WA0001-1-768x468.jpg 768w, https:\/\/terranova.lu\/wp-content\/uploads\/2025\/06\/IMG-20250628-WA0001-1-1536x937.jpg 1536w, https:\/\/terranova.lu\/wp-content\/uploads\/2025\/06\/IMG-20250628-WA0001-1-1200x732.jpg 1200w, https:\/\/terranova.lu\/wp-content\/uploads\/2025\/06\/IMG-20250628-WA0001-1.jpg 1600w\" sizes=\"(max-width: 1024px) 100vw, 1024px\" \/><\/figure>\n<\/div>\n\n\n\n<div class=\"wp-block-column\">\n<figure class=\"wp-block-gallery has-nested-images columns-default is-cropped\">\n<figure class=\"wp-block-image size-large\"><img loading=\"lazy\" width=\"620\" height=\"899\" src=\"https:\/\/terranova.lu\/wp-content\/uploads\/2025\/06\/IMG-20250628-WA0002-1.jpg\" alt=\"\" class=\"wp-image-518\" srcset=\"https:\/\/terranova.lu\/wp-content\/uploads\/2025\/06\/IMG-20250628-WA0002-1.jpg 620w, https:\/\/terranova.lu\/wp-content\/uploads\/2025\/06\/IMG-20250628-WA0002-1-207x300.jpg 207w\" sizes=\"(max-width: 620px) 100vw, 620px\" \/><\/figure>\n<\/figure>\n<\/div>\n<\/div>\n\n\n\n<p class=\"has-small-font-size\"><strong>&#8211; <mark style=\"background-color:rgba(0, 0, 0, 0)\" class=\"has-inline-color has-accent-color\">Sonntag, 15. Juni 2025, 15.00 Uhr &#8211; Liederrezital &#171;De Espa\u00f1a vengo&#187; mit Tania Lorenzo Castro (Soprano) und Alina Tlushch (Piano) in der Wallfahrtskapelle in Niederrickenbach (NW)<\/mark><\/strong><\/p>\n\n\n\n<figure class=\"wp-block-image size-full\"><img loading=\"lazy\" width=\"1025\" height=\"900\" src=\"https:\/\/terranova.lu\/wp-content\/uploads\/2025\/06\/Foto-Webseite-danach.jpg\" alt=\"\" class=\"wp-image-505\" srcset=\"https:\/\/terranova.lu\/wp-content\/uploads\/2025\/06\/Foto-Webseite-danach.jpg 1025w, https:\/\/terranova.lu\/wp-content\/uploads\/2025\/06\/Foto-Webseite-danach-300x263.jpg 300w, https:\/\/terranova.lu\/wp-content\/uploads\/2025\/06\/Foto-Webseite-danach-768x674.jpg 768w\" sizes=\"(max-width: 1025px) 100vw, 1025px\" \/><\/figure>\n\n\n\n<p class=\"has-small-font-size\"><strong>&#8211; <mark style=\"background-color:rgba(0, 0, 0, 0)\" class=\"has-inline-color has-accent-color\">Mittwoch, 7. Mai 2025, 19.30 Uhr &#8211; Zweisprachige Lesung (dt.\/ital.) mit Marco Meier zu &#171;Inge Feltrinelli \/ Ingemaus&#187;<\/mark><\/strong><\/p>\n\n\n\n<figure class=\"wp-block-image size-large\"><img loading=\"lazy\" width=\"1024\" height=\"625\" src=\"https:\/\/terranova.lu\/wp-content\/uploads\/2025\/05\/original_92d04437-4e04-4bd3-9216-537a7482f3e1_IMG_20250507_201305-1024x625.jpg\" alt=\"\" class=\"wp-image-499\" srcset=\"https:\/\/terranova.lu\/wp-content\/uploads\/2025\/05\/original_92d04437-4e04-4bd3-9216-537a7482f3e1_IMG_20250507_201305-1024x625.jpg 1024w, https:\/\/terranova.lu\/wp-content\/uploads\/2025\/05\/original_92d04437-4e04-4bd3-9216-537a7482f3e1_IMG_20250507_201305-300x183.jpg 300w, https:\/\/terranova.lu\/wp-content\/uploads\/2025\/05\/original_92d04437-4e04-4bd3-9216-537a7482f3e1_IMG_20250507_201305-768x469.jpg 768w, https:\/\/terranova.lu\/wp-content\/uploads\/2025\/05\/original_92d04437-4e04-4bd3-9216-537a7482f3e1_IMG_20250507_201305.jpg 1182w\" sizes=\"(max-width: 1024px) 100vw, 1024px\" \/><figcaption>Mirella Sangiani &#8211; la voce italiana &#8211; und der Autor Marco Meier<\/figcaption><\/figure>\n\n\n\n<p class=\"has-small-font-size\"><mark style=\"background-color:rgba(0, 0, 0, 0)\" class=\"has-inline-color has-accent-color\"><strong>Freitag, 7. Februar 2025, 19.30 Uhr &#8211; Zweisprachige Lesung (fr.\/dt) mit Marie-Jeanne Urech &#171;K comme Almanach \/ X wie Dictionnaire&#187; &#8211; Moderation Ruth Gantert<\/strong><\/mark><\/p>\n\n\n\n<figure class=\"wp-block-image size-large\"><img loading=\"lazy\" width=\"1024\" height=\"636\" src=\"https:\/\/terranova.lu\/wp-content\/uploads\/2025\/03\/cover_urech-1024x636.webp\" alt=\"\" class=\"wp-image-483\" srcset=\"https:\/\/terranova.lu\/wp-content\/uploads\/2025\/03\/cover_urech-1024x636.webp 1024w, https:\/\/terranova.lu\/wp-content\/uploads\/2025\/03\/cover_urech-300x186.webp 300w, https:\/\/terranova.lu\/wp-content\/uploads\/2025\/03\/cover_urech-768x477.webp 768w, https:\/\/terranova.lu\/wp-content\/uploads\/2025\/03\/cover_urech-1536x954.webp 1536w, https:\/\/terranova.lu\/wp-content\/uploads\/2025\/03\/cover_urech-2048x1273.webp 2048w, https:\/\/terranova.lu\/wp-content\/uploads\/2025\/03\/cover_urech-1200x746.webp 1200w, https:\/\/terranova.lu\/wp-content\/uploads\/2025\/03\/cover_urech-1980x1230.webp 1980w\" sizes=\"(max-width: 1024px) 100vw, 1024px\" \/><\/figure>\n\n\n\n<p class=\"has-small-font-size\">&#8211; <mark style=\"background-color:rgba(0, 0, 0, 0)\" class=\"has-inline-color has-accent-color\"><strong>Dienstag, 10. Dezember 2024, 19.30 Uhr &#8211; Bildervortrag \u00fcber eine Weitwanderung vom Atlantik zum Mittelmeer<\/strong><\/mark><\/p>\n\n\n\n<p class=\"has-small-font-size\">&#8211; <mark style=\"background-color:rgba(0, 0, 0, 0)\" class=\"has-inline-color has-accent-color\"><strong>Donnerstag, 5. Dezember 2024, 19.00 Uhr &#8211; L&#8217;Italia in musica \/ Italien in der Musik<\/strong><\/mark> <\/p>\n\n\n\n<figure class=\"wp-block-image size-large is-resized\"><img loading=\"lazy\" src=\"https:\/\/terranova.lu\/wp-content\/uploads\/2024\/12\/Foto-concerto-1024x1024.jpg\" alt=\"\" class=\"wp-image-456\" width=\"385\" height=\"385\" srcset=\"https:\/\/terranova.lu\/wp-content\/uploads\/2024\/12\/Foto-concerto-1024x1024.jpg 1024w, https:\/\/terranova.lu\/wp-content\/uploads\/2024\/12\/Foto-concerto-300x300.jpg 300w, https:\/\/terranova.lu\/wp-content\/uploads\/2024\/12\/Foto-concerto-150x150.jpg 150w, https:\/\/terranova.lu\/wp-content\/uploads\/2024\/12\/Foto-concerto-768x768.jpg 768w, https:\/\/terranova.lu\/wp-content\/uploads\/2024\/12\/Foto-concerto-1536x1536.jpg 1536w, https:\/\/terranova.lu\/wp-content\/uploads\/2024\/12\/Foto-concerto-1200x1200.jpg 1200w, https:\/\/terranova.lu\/wp-content\/uploads\/2024\/12\/Foto-concerto-1980x1980.jpg 1980w, https:\/\/terranova.lu\/wp-content\/uploads\/2024\/12\/Foto-concerto.jpg 2017w\" sizes=\"(max-width: 385px) 100vw, 385px\" \/><figcaption><strong>Der Gitarrist Jacopo Figini und die Cellistin Emma Biglioli<\/strong><\/figcaption><\/figure>\n\n\n\n<p class=\"has-small-font-size\"><mark style=\"background-color:rgba(0, 0, 0, 0)\" class=\"has-inline-color has-accent-color\"><strong>&#8211; Mittwoch, 13. November 2024, 19.30 Uhr &#8211; Yusuf Yesil\u00f6z liest aus seinem neusten Roman &#171;Der Libellenspiegel&#187;<\/strong><\/mark><\/p>\n\n\n\n<figure class=\"wp-block-image size-large is-resized\"><img loading=\"lazy\" src=\"https:\/\/terranova.lu\/wp-content\/uploads\/2024\/11\/Bild-1-1024x500.jpg\" alt=\"\" class=\"wp-image-452\" width=\"389\" height=\"189\" srcset=\"https:\/\/terranova.lu\/wp-content\/uploads\/2024\/11\/Bild-1-1024x500.jpg 1024w, https:\/\/terranova.lu\/wp-content\/uploads\/2024\/11\/Bild-1-300x147.jpg 300w, https:\/\/terranova.lu\/wp-content\/uploads\/2024\/11\/Bild-1-768x375.jpg 768w, https:\/\/terranova.lu\/wp-content\/uploads\/2024\/11\/Bild-1-1536x750.jpg 1536w, https:\/\/terranova.lu\/wp-content\/uploads\/2024\/11\/Bild-1-2048x1000.jpg 2048w, https:\/\/terranova.lu\/wp-content\/uploads\/2024\/11\/Bild-1-1200x586.jpg 1200w, https:\/\/terranova.lu\/wp-content\/uploads\/2024\/11\/Bild-1-1980x967.jpg 1980w\" sizes=\"(max-width: 389px) 100vw, 389px\" \/><\/figure>\n\n\n\n<p class=\"has-small-font-size\">&#8211; <mark style=\"background-color:rgba(0, 0, 0, 0)\" class=\"has-inline-color has-accent-color\"><strong>Donnerstag, 12. September 2024, 19.30 Uhr &#8211; Jazziges Konzert mit &#171;Freunde Waldemars light&#187;<\/strong><\/mark><\/p>\n\n\n\n<figure class=\"wp-block-image size-large is-resized\"><img loading=\"lazy\" src=\"https:\/\/terranova.lu\/wp-content\/uploads\/2024\/09\/DSCN7253-1-1024x517.jpg\" alt=\"\" class=\"wp-image-440\" width=\"392\" height=\"197\" srcset=\"https:\/\/terranova.lu\/wp-content\/uploads\/2024\/09\/DSCN7253-1-1024x517.jpg 1024w, https:\/\/terranova.lu\/wp-content\/uploads\/2024\/09\/DSCN7253-1-300x152.jpg 300w, https:\/\/terranova.lu\/wp-content\/uploads\/2024\/09\/DSCN7253-1-768x388.jpg 768w, https:\/\/terranova.lu\/wp-content\/uploads\/2024\/09\/DSCN7253-1-1536x776.jpg 1536w, https:\/\/terranova.lu\/wp-content\/uploads\/2024\/09\/DSCN7253-1-2048x1035.jpg 2048w, https:\/\/terranova.lu\/wp-content\/uploads\/2024\/09\/DSCN7253-1-1200x606.jpg 1200w, https:\/\/terranova.lu\/wp-content\/uploads\/2024\/09\/DSCN7253-1-1980x1000.jpg 1980w\" sizes=\"(max-width: 392px) 100vw, 392px\" \/><\/figure>\n\n\n\n<p class=\"has-small-font-size\">&#8211; <mark style=\"background-color:rgba(0, 0, 0, 0)\" class=\"has-inline-color has-accent-color\"><strong>Mittwoch, 3. Juli 2024, 19.30 Uhr &#8211; Lesung B\u00e9la Rothenb\u00fchler &#171;Polifon Pervers&#187;<\/strong><\/mark><\/p>\n\n\n\n<div class=\"wp-block-columns\">\n<div class=\"wp-block-column\">\n<figure class=\"wp-block-gallery has-nested-images columns-default is-cropped\">\n<figure class=\"wp-block-image size-large\"><img loading=\"lazy\" width=\"669\" height=\"1024\" src=\"https:\/\/terranova.lu\/wp-content\/uploads\/2024\/07\/Foto-1-669x1024.jpg\" alt=\"\" class=\"wp-image-429\" srcset=\"https:\/\/terranova.lu\/wp-content\/uploads\/2024\/07\/Foto-1-669x1024.jpg 669w, https:\/\/terranova.lu\/wp-content\/uploads\/2024\/07\/Foto-1-196x300.jpg 196w, https:\/\/terranova.lu\/wp-content\/uploads\/2024\/07\/Foto-1-768x1176.jpg 768w, https:\/\/terranova.lu\/wp-content\/uploads\/2024\/07\/Foto-1-1004x1536.jpg 1004w, https:\/\/terranova.lu\/wp-content\/uploads\/2024\/07\/Foto-1-1200x1837.jpg 1200w, https:\/\/terranova.lu\/wp-content\/uploads\/2024\/07\/Foto-1.jpg 1338w\" sizes=\"(max-width: 669px) 100vw, 669px\" \/><\/figure>\n<\/figure>\n<\/div>\n\n\n\n<div class=\"wp-block-column\">\n<figure class=\"wp-block-image size-large is-resized\"><img loading=\"lazy\" src=\"https:\/\/terranova.lu\/wp-content\/uploads\/2024\/07\/Foto-2-1024x621.jpg\" alt=\"\" class=\"wp-image-430\" width=\"401\" height=\"243\" srcset=\"https:\/\/terranova.lu\/wp-content\/uploads\/2024\/07\/Foto-2-1024x621.jpg 1024w, https:\/\/terranova.lu\/wp-content\/uploads\/2024\/07\/Foto-2-300x182.jpg 300w, https:\/\/terranova.lu\/wp-content\/uploads\/2024\/07\/Foto-2-768x466.jpg 768w, https:\/\/terranova.lu\/wp-content\/uploads\/2024\/07\/Foto-2-1536x932.jpg 1536w, https:\/\/terranova.lu\/wp-content\/uploads\/2024\/07\/Foto-2-1200x728.jpg 1200w, https:\/\/terranova.lu\/wp-content\/uploads\/2024\/07\/Foto-2.jpg 1761w\" sizes=\"(max-width: 401px) 100vw, 401px\" \/><\/figure>\n<\/div>\n<\/div>\n\n\n\n<p class=\"has-small-font-size\">&#8211; <mark style=\"background-color:rgba(0, 0, 0, 0)\" class=\"has-inline-color has-accent-color\"><strong>Freitag, 14. Juni 2024, 19.30 Uhr &#8211; Lesung Christoph Keller &#171;Afrika fluten&#187;<\/strong><\/mark><\/p>\n\n\n\n<div class=\"wp-block-columns\">\n<div class=\"wp-block-column\">\n<figure class=\"wp-block-image size-full\"><img loading=\"lazy\" width=\"400\" height=\"400\" src=\"https:\/\/terranova.lu\/wp-content\/uploads\/2024\/05\/keller-christoph.jpg\" alt=\"\" class=\"wp-image-420\" srcset=\"https:\/\/terranova.lu\/wp-content\/uploads\/2024\/05\/keller-christoph.jpg 400w, https:\/\/terranova.lu\/wp-content\/uploads\/2024\/05\/keller-christoph-300x300.jpg 300w, https:\/\/terranova.lu\/wp-content\/uploads\/2024\/05\/keller-christoph-150x150.jpg 150w\" sizes=\"(max-width: 400px) 100vw, 400px\" \/><\/figure>\n<\/div>\n<\/div>\n\n\n\n<p class=\"has-small-font-size\">&#8211; <mark style=\"background-color:rgba(0, 0, 0, 0)\" class=\"has-inline-color has-accent-color\"><strong>Montag, 29. April 2024, 19.30 Uhr &#8211; Lesung Simonetta Tassinari &#8211; in Zusammenarbeit mit Dante Alighieri Lucerna<\/strong><\/mark><\/p>\n\n\n\n<figure class=\"wp-block-image size-large\"><img loading=\"lazy\" width=\"1024\" height=\"625\" src=\"https:\/\/terranova.lu\/wp-content\/uploads\/2024\/05\/evento-02-1024x625.jpg\" alt=\"\" class=\"wp-image-422\" srcset=\"https:\/\/terranova.lu\/wp-content\/uploads\/2024\/05\/evento-02-1024x625.jpg 1024w, https:\/\/terranova.lu\/wp-content\/uploads\/2024\/05\/evento-02-300x183.jpg 300w, https:\/\/terranova.lu\/wp-content\/uploads\/2024\/05\/evento-02-768x469.jpg 768w, https:\/\/terranova.lu\/wp-content\/uploads\/2024\/05\/evento-02-1536x938.jpg 1536w, https:\/\/terranova.lu\/wp-content\/uploads\/2024\/05\/evento-02-1200x732.jpg 1200w, https:\/\/terranova.lu\/wp-content\/uploads\/2024\/05\/evento-02-1980x1208.jpg 1980w, https:\/\/terranova.lu\/wp-content\/uploads\/2024\/05\/evento-02.jpg 2048w\" sizes=\"(max-width: 1024px) 100vw, 1024px\" \/><\/figure>\n\n\n\n<p class=\"has-small-font-size\">&#8211; <mark style=\"background-color:rgba(0, 0, 0, 0)\" class=\"has-inline-color has-accent-color\"><strong>Dienstag, 23. April 2024, 09.30-19.30 Uhr &#8211; WELTTAG DES BUCHES &#8211; LESUNGEN IM ZWEISTUNDENTAKT<\/strong><\/mark><\/p>\n\n\n\n<div class=\"wp-block-columns\">\n<div class=\"wp-block-column\">\n<figure class=\"wp-block-image size-large\"><img loading=\"lazy\" width=\"1024\" height=\"685\" src=\"https:\/\/terranova.lu\/wp-content\/uploads\/2024\/05\/Lesung-01-1024x685.jpg\" alt=\"\" class=\"wp-image-423\" srcset=\"https:\/\/terranova.lu\/wp-content\/uploads\/2024\/05\/Lesung-01-1024x685.jpg 1024w, https:\/\/terranova.lu\/wp-content\/uploads\/2024\/05\/Lesung-01-300x201.jpg 300w, https:\/\/terranova.lu\/wp-content\/uploads\/2024\/05\/Lesung-01-768x513.jpg 768w, https:\/\/terranova.lu\/wp-content\/uploads\/2024\/05\/Lesung-01-1536x1027.jpg 1536w, https:\/\/terranova.lu\/wp-content\/uploads\/2024\/05\/Lesung-01-2048x1369.jpg 2048w, https:\/\/terranova.lu\/wp-content\/uploads\/2024\/05\/Lesung-01-1200x802.jpg 1200w, https:\/\/terranova.lu\/wp-content\/uploads\/2024\/05\/Lesung-01-1980x1324.jpg 1980w\" sizes=\"(max-width: 1024px) 100vw, 1024px\" \/><figcaption>Markus Elsener liest aus Don Quijote &#8230;.<\/figcaption><\/figure>\n<\/div>\n\n\n\n<div class=\"wp-block-column\">\n<figure class=\"wp-block-image size-large is-resized\"><img loading=\"lazy\" src=\"https:\/\/terranova.lu\/wp-content\/uploads\/2024\/05\/Lesung-03-1024x878.jpg\" alt=\"\" class=\"wp-image-424\" width=\"287\" height=\"246\" srcset=\"https:\/\/terranova.lu\/wp-content\/uploads\/2024\/05\/Lesung-03-1024x878.jpg 1024w, https:\/\/terranova.lu\/wp-content\/uploads\/2024\/05\/Lesung-03-300x257.jpg 300w, https:\/\/terranova.lu\/wp-content\/uploads\/2024\/05\/Lesung-03-768x659.jpg 768w, https:\/\/terranova.lu\/wp-content\/uploads\/2024\/05\/Lesung-03-1536x1317.jpg 1536w, https:\/\/terranova.lu\/wp-content\/uploads\/2024\/05\/Lesung-03-2048x1756.jpg 2048w, https:\/\/terranova.lu\/wp-content\/uploads\/2024\/05\/Lesung-03-1200x1029.jpg 1200w, https:\/\/terranova.lu\/wp-content\/uploads\/2024\/05\/Lesung-03-1980x1698.jpg 1980w\" sizes=\"(max-width: 287px) 100vw, 287px\" \/><figcaption>&#8230; begleitet von Sancho Panza und dem Ritter von der traurigen Gestalt<\/figcaption><\/figure>\n<\/div>\n<\/div>\n\n\n\n<p class=\"has-small-font-size\">&#8211; <mark style=\"background-color:rgba(0, 0, 0, 0)\" class=\"has-inline-color has-accent-color\"><strong>Sonntag, 7. April 2024, 17.00 Uhr &#8211; &#171;Babas Schweigen&#187; Die Luzerner Autorin Cimen \u00d6zlem liest aus ihrem Erstlingsroman. Moderation: Anna Chudozilov<\/strong><\/mark> <\/p>\n\n\n\n<div class=\"wp-block-columns\">\n<div class=\"wp-block-column\">\n<figure class=\"wp-block-image size-full is-resized\"><img loading=\"lazy\" src=\"https:\/\/terranova.lu\/wp-content\/uploads\/2024\/03\/bild-autorin.jpeg\" alt=\"\" class=\"wp-image-386\" width=\"323\" height=\"366\" srcset=\"https:\/\/terranova.lu\/wp-content\/uploads\/2024\/03\/bild-autorin.jpeg 818w, https:\/\/terranova.lu\/wp-content\/uploads\/2024\/03\/bild-autorin-265x300.jpeg 265w, https:\/\/terranova.lu\/wp-content\/uploads\/2024\/03\/bild-autorin-768x870.jpeg 768w\" sizes=\"(max-width: 323px) 100vw, 323px\" \/><figcaption>\u00d6zlem \u00c7imen<\/figcaption><\/figure>\n<\/div>\n\n\n\n<div class=\"wp-block-column\">\n<figure class=\"wp-block-image size-full is-resized\"><img loading=\"lazy\" src=\"https:\/\/terranova.lu\/wp-content\/uploads\/2024\/03\/cover.jpg\" alt=\"\" class=\"wp-image-387\" width=\"221\" height=\"366\" srcset=\"https:\/\/terranova.lu\/wp-content\/uploads\/2024\/03\/cover.jpg 340w, https:\/\/terranova.lu\/wp-content\/uploads\/2024\/03\/cover-181x300.jpg 181w\" sizes=\"(max-width: 221px) 100vw, 221px\" \/><\/figure>\n<\/div>\n<\/div>\n\n\n\n<p class=\"has-accent-color has-text-color has-small-font-size\">&#8211;<strong> <mark style=\"background-color:rgba(0, 0, 0, 0)\" class=\"has-inline-color has-accent-color\">Freitag, 22. M\u00e4rz 2024, 18.00 Uhr &#8211; &#171;Wir w\u00e4hlen Politiker:innen, weil sie gute B\u00fccher lesen.&#187; Nico van der Heiden im Gespr\u00e4ch mit drei Generationen Kandidierenden f\u00fcr den Stadtrat und Grossen Stadtrat Luzern <\/mark>(Wahlen vom 28. April 2024)<\/strong><\/p>\n\n\n\n<figure class=\"wp-block-image size-large\"><img loading=\"lazy\" width=\"1024\" height=\"548\" src=\"https:\/\/terranova.lu\/wp-content\/uploads\/2024\/04\/image-002-1024x548.jpeg\" alt=\"\" class=\"wp-image-398\" srcset=\"https:\/\/terranova.lu\/wp-content\/uploads\/2024\/04\/image-002-1024x548.jpeg 1024w, https:\/\/terranova.lu\/wp-content\/uploads\/2024\/04\/image-002-300x161.jpeg 300w, https:\/\/terranova.lu\/wp-content\/uploads\/2024\/04\/image-002-768x411.jpeg 768w, https:\/\/terranova.lu\/wp-content\/uploads\/2024\/04\/image-002-1200x642.jpeg 1200w, https:\/\/terranova.lu\/wp-content\/uploads\/2024\/04\/image-002.jpeg 1482w\" sizes=\"(max-width: 1024px) 100vw, 1024px\" \/><\/figure>\n\n\n\n<p class=\"has-small-font-size\"><mark style=\"background-color:rgba(0, 0, 0, 0)\" class=\"has-inline-color has-accent-color\"><strong>Freitag, 8. M\u00e4rz 2024, 19.30 Uhr &#8211; &#171;MUSIK UND POESIE&#187; Das Dulcamare-Quartett begleitet die Luzerner Autorin Katharina Lanfranconi<\/strong><\/mark><\/p>\n\n\n\n<figure class=\"wp-block-image size-full\"><img loading=\"lazy\" width=\"768\" height=\"508\" src=\"https:\/\/terranova.lu\/wp-content\/uploads\/2024\/03\/d5633e60-e4c6-4611-84bf-04fd94b246cd-1.jpg\" alt=\"\" class=\"wp-image-381\" srcset=\"https:\/\/terranova.lu\/wp-content\/uploads\/2024\/03\/d5633e60-e4c6-4611-84bf-04fd94b246cd-1.jpg 768w, https:\/\/terranova.lu\/wp-content\/uploads\/2024\/03\/d5633e60-e4c6-4611-84bf-04fd94b246cd-1-300x198.jpg 300w\" sizes=\"(max-width: 768px) 100vw, 768px\" \/><\/figure>\n\n\n\n<p class=\"has-accent-color has-text-color has-small-font-size\"><strong>Freitag, 26. Januar 2024, 19.30 Uhr &#8211; &#171;Passirrt isch passirrt&#187; oder &#171;Nur schnell das Gl\u00fcck streicheln. Lesung mit dem Autor Erwin Messmer<\/strong><\/p>\n\n\n\n<figure class=\"wp-block-image size-full\"><img loading=\"lazy\" width=\"964\" height=\"640\" src=\"https:\/\/terranova.lu\/wp-content\/uploads\/2024\/01\/Messmer-Erwin-\u00a9Manfred-Kern.jpg\" alt=\"\" class=\"wp-image-367\" srcset=\"https:\/\/terranova.lu\/wp-content\/uploads\/2024\/01\/Messmer-Erwin-\u00a9Manfred-Kern.jpg 964w, https:\/\/terranova.lu\/wp-content\/uploads\/2024\/01\/Messmer-Erwin-\u00a9Manfred-Kern-300x199.jpg 300w, https:\/\/terranova.lu\/wp-content\/uploads\/2024\/01\/Messmer-Erwin-\u00a9Manfred-Kern-768x510.jpg 768w\" sizes=\"(max-width: 964px) 100vw, 964px\" \/><figcaption>Erwin Messmer<\/figcaption><\/figure>\n\n\n\n<p class=\"has-primary-color has-text-color has-small-font-size\"><mark style=\"background-color:rgba(0, 0, 0, 0)\" class=\"has-inline-color has-accent-color\"><strong>Montag, 11. Dezember 2023, 19.30 Uhr &#8211; &#171;Schaub Lorenz heisst meine Frau &#8211; Mosaiksteine aus der Demenzabteilung&#187;. Lesung von der Autorin Andrea Heurteur und Gespr\u00e4ch mit Hampi van der Velde <\/strong><\/mark><\/p>\n\n\n\n<div class=\"wp-block-columns\">\n<div class=\"wp-block-column\">\n<figure class=\"wp-block-image size-full\"><img loading=\"lazy\" width=\"562\" height=\"421\" src=\"https:\/\/terranova.lu\/wp-content\/uploads\/2024\/01\/Bild1.jpg\" alt=\"\" class=\"wp-image-366\" srcset=\"https:\/\/terranova.lu\/wp-content\/uploads\/2024\/01\/Bild1.jpg 562w, https:\/\/terranova.lu\/wp-content\/uploads\/2024\/01\/Bild1-300x225.jpg 300w\" sizes=\"(max-width: 562px) 100vw, 562px\" \/><figcaption>Andrea Heurteur<\/figcaption><\/figure>\n<\/div>\n\n\n\n<div class=\"wp-block-column\">\n<figure class=\"wp-block-image size-full\"><img loading=\"lazy\" width=\"296\" height=\"421\" src=\"https:\/\/terranova.lu\/wp-content\/uploads\/2024\/01\/Bild2.jpg\" alt=\"\" class=\"wp-image-365\" srcset=\"https:\/\/terranova.lu\/wp-content\/uploads\/2024\/01\/Bild2.jpg 296w, https:\/\/terranova.lu\/wp-content\/uploads\/2024\/01\/Bild2-211x300.jpg 211w\" sizes=\"(max-width: 296px) 100vw, 296px\" \/><\/figure>\n<\/div>\n\n\n\n<div class=\"wp-block-column\"><\/div>\n<\/div>\n\n\n\n<p class=\"has-small-font-size\"><mark style=\"background-color:rgba(0, 0, 0, 0)\" class=\"has-inline-color has-accent-color\"><strong>Freitag, 1. Dezember 2023, 19.30 Uhr &#8211; CIRKA 244 KNOCHEN: KATZ-UPS<\/strong><\/mark><\/p>\n\n\n\n<figure class=\"wp-block-image size-large\"><img loading=\"lazy\" width=\"1024\" height=\"599\" src=\"https:\/\/terranova.lu\/wp-content\/uploads\/2023\/11\/Katz-Ups_Cover_Leseperformance-1-1024x599.jpg\" alt=\"\" class=\"wp-image-346\" srcset=\"https:\/\/terranova.lu\/wp-content\/uploads\/2023\/11\/Katz-Ups_Cover_Leseperformance-1-1024x599.jpg 1024w, https:\/\/terranova.lu\/wp-content\/uploads\/2023\/11\/Katz-Ups_Cover_Leseperformance-1-300x176.jpg 300w, https:\/\/terranova.lu\/wp-content\/uploads\/2023\/11\/Katz-Ups_Cover_Leseperformance-1-768x449.jpg 768w, https:\/\/terranova.lu\/wp-content\/uploads\/2023\/11\/Katz-Ups_Cover_Leseperformance-1.jpg 1104w\" sizes=\"(max-width: 1024px) 100vw, 1024px\" \/><figcaption>Buchcover und eine &#171;krallige Leseperformance&#187; von Claudio Landolt und Marcel Moser<\/figcaption><\/figure>\n\n\n\n<p class=\"has-secondary-color has-text-color has-small-font-size\"><strong><mark style=\"background-color:rgba(0, 0, 0, 0)\" class=\"has-inline-color has-accent-color\">Samstag, 25. November 2023, 15.00 Uhr &#8211; im PILGERHAUS in NIEDERRICKENBACH: Ernst Friedli, Gedanken zum Dasein &#8211; gelesen von Zeno Schneider<\/mark><\/strong><\/p>\n\n\n\n<figure class=\"wp-block-image size-full\"><img loading=\"lazy\" width=\"536\" height=\"322\" src=\"https:\/\/terranova.lu\/wp-content\/uploads\/2023\/10\/image-1.png\" alt=\"\" class=\"wp-image-336\" srcset=\"https:\/\/terranova.lu\/wp-content\/uploads\/2023\/10\/image-1.png 536w, https:\/\/terranova.lu\/wp-content\/uploads\/2023\/10\/image-1-300x180.png 300w\" sizes=\"(max-width: 536px) 100vw, 536px\" \/><figcaption>Ernst Friedli und Zeno Schneider<\/figcaption><\/figure>\n\n\n\n<p class=\"has-accent-color has-text-color has-small-font-size\"><strong>Montag, 6. November 2023, 19.30 Uhr &#8211; zweisprachige Lesung mit Fabio Andina: &#171;Uscirne fuori &#8211; Davonkommen&#187;<\/strong><\/p>\n\n\n\n<div class=\"wp-block-columns\">\n<div class=\"wp-block-column\">\n<figure class=\"wp-block-image size-large is-resized\"><img loading=\"lazy\" src=\"https:\/\/terranova.lu\/wp-content\/uploads\/2023\/07\/fabio-andina-1024x801.webp\" alt=\"\" class=\"wp-image-319\" width=\"365\" height=\"285\" srcset=\"https:\/\/terranova.lu\/wp-content\/uploads\/2023\/07\/fabio-andina-1024x801.webp 1024w, https:\/\/terranova.lu\/wp-content\/uploads\/2023\/07\/fabio-andina-300x235.webp 300w, https:\/\/terranova.lu\/wp-content\/uploads\/2023\/07\/fabio-andina-768x601.webp 768w, https:\/\/terranova.lu\/wp-content\/uploads\/2023\/07\/fabio-andina.webp 1200w\" sizes=\"(max-width: 365px) 100vw, 365px\" \/><\/figure>\n<\/div>\n\n\n\n<div class=\"wp-block-column\">\n<figure class=\"wp-block-image size-full\"><img loading=\"lazy\" width=\"500\" height=\"500\" src=\"https:\/\/terranova.lu\/wp-content\/uploads\/2023\/07\/Andina-Davonkommen-1.jpeg\" alt=\"\" class=\"wp-image-320\" srcset=\"https:\/\/terranova.lu\/wp-content\/uploads\/2023\/07\/Andina-Davonkommen-1.jpeg 500w, https:\/\/terranova.lu\/wp-content\/uploads\/2023\/07\/Andina-Davonkommen-1-300x300.jpeg 300w, https:\/\/terranova.lu\/wp-content\/uploads\/2023\/07\/Andina-Davonkommen-1-150x150.jpeg 150w\" sizes=\"(max-width: 500px) 100vw, 500px\" \/><\/figure>\n<\/div>\n<\/div>\n\n\n\n<p class=\"has-accent-color has-text-color has-small-font-size\"><strong>Mittwoch, 20. September 2023, 19.30 Uhr &#8211; Kathrin Burger liest aus &#171;Vor mir wird es morgen&#187;<\/strong><\/p>\n\n\n\n<div class=\"wp-block-columns\">\n<div class=\"wp-block-column\">\n<figure class=\"wp-block-image size-large\"><img loading=\"lazy\" width=\"1024\" height=\"1024\" src=\"https:\/\/terranova.lu\/wp-content\/uploads\/2023\/07\/foto-Burger-1024x1024.jpg\" alt=\"\" class=\"wp-image-314\" srcset=\"https:\/\/terranova.lu\/wp-content\/uploads\/2023\/07\/foto-Burger-1024x1024.jpg 1024w, https:\/\/terranova.lu\/wp-content\/uploads\/2023\/07\/foto-Burger-300x300.jpg 300w, https:\/\/terranova.lu\/wp-content\/uploads\/2023\/07\/foto-Burger-150x150.jpg 150w, https:\/\/terranova.lu\/wp-content\/uploads\/2023\/07\/foto-Burger-768x768.jpg 768w, https:\/\/terranova.lu\/wp-content\/uploads\/2023\/07\/foto-Burger-1536x1536.jpg 1536w, https:\/\/terranova.lu\/wp-content\/uploads\/2023\/07\/foto-Burger-2048x2048.jpg 2048w, https:\/\/terranova.lu\/wp-content\/uploads\/2023\/07\/foto-Burger-1200x1200.jpg 1200w, https:\/\/terranova.lu\/wp-content\/uploads\/2023\/07\/foto-Burger-1980x1980.jpg 1980w\" sizes=\"(max-width: 1024px) 100vw, 1024px\" \/><\/figure>\n<\/div>\n\n\n\n<div class=\"wp-block-column\">\n<figure class=\"wp-block-image size-full is-resized\"><img loading=\"lazy\" src=\"https:\/\/terranova.lu\/wp-content\/uploads\/2023\/07\/buch.jpg\" alt=\"\" class=\"wp-image-315\" width=\"175\" height=\"285\" srcset=\"https:\/\/terranova.lu\/wp-content\/uploads\/2023\/07\/buch.jpg 340w, https:\/\/terranova.lu\/wp-content\/uploads\/2023\/07\/buch-184x300.jpg 184w\" sizes=\"(max-width: 175px) 100vw, 175px\" \/><\/figure>\n<\/div>\n<\/div>\n\n\n\n<p class=\"has-accent-color has-text-color has-small-font-size\"><strong>Dienstag, 12. September 2023, 19.30 Uhr &#8211; Melara Mvogdobo liest aus ihrem Roman &#171;Von den f\u00fcnf Schwestern, die auszogen, ihren Vater zu ermorden.<\/strong>&#171;<\/p>\n\n\n\n<div class=\"wp-block-columns\">\n<div class=\"wp-block-column\">\n<figure class=\"wp-block-image size-large is-resized\"><img loading=\"lazy\" src=\"https:\/\/terranova.lu\/wp-content\/uploads\/2023\/10\/Foto-Lesung-1024x768.jpg\" alt=\"\" class=\"wp-image-332\" width=\"288\" height=\"216\" srcset=\"https:\/\/terranova.lu\/wp-content\/uploads\/2023\/10\/Foto-Lesung-1024x768.jpg 1024w, https:\/\/terranova.lu\/wp-content\/uploads\/2023\/10\/Foto-Lesung-300x225.jpg 300w, https:\/\/terranova.lu\/wp-content\/uploads\/2023\/10\/Foto-Lesung-768x576.jpg 768w, https:\/\/terranova.lu\/wp-content\/uploads\/2023\/10\/Foto-Lesung-1536x1152.jpg 1536w, https:\/\/terranova.lu\/wp-content\/uploads\/2023\/10\/Foto-Lesung-1200x900.jpg 1200w, https:\/\/terranova.lu\/wp-content\/uploads\/2023\/10\/Foto-Lesung.jpg 1600w\" sizes=\"(max-width: 288px) 100vw, 288px\" \/><\/figure>\n<\/div>\n\n\n\n<div class=\"wp-block-column\">\n<figure class=\"wp-block-image size-full is-resized\"><img loading=\"lazy\" src=\"https:\/\/terranova.lu\/wp-content\/uploads\/2023\/07\/Schwestern_BuchTitel.jpeg\" alt=\"\" class=\"wp-image-309\" width=\"179\" height=\"298\" srcset=\"https:\/\/terranova.lu\/wp-content\/uploads\/2023\/07\/Schwestern_BuchTitel.jpeg 384w, https:\/\/terranova.lu\/wp-content\/uploads\/2023\/07\/Schwestern_BuchTitel-180x300.jpeg 180w\" sizes=\"(max-width: 179px) 100vw, 179px\" \/><\/figure>\n<\/div>\n<\/div>\n\n\n\n<p class=\"has-accent-color has-text-color has-small-font-size\"><strong>Samstag, 19. August 2023, 13.30 und 17.30 Uhr &#8211; Willkommens-Paella f\u00fcr die neuen Nachbarn an der Claridenstrasse und Hoffest HI3<\/strong><\/p>\n\n\n\n<div class=\"wp-block-columns\">\n<div class=\"wp-block-column\">\n<figure class=\"wp-block-image size-full\"><img loading=\"lazy\" width=\"943\" height=\"569\" src=\"https:\/\/terranova.lu\/wp-content\/uploads\/2023\/08\/paella.jpg\" alt=\"\" class=\"wp-image-327\" srcset=\"https:\/\/terranova.lu\/wp-content\/uploads\/2023\/08\/paella.jpg 943w, https:\/\/terranova.lu\/wp-content\/uploads\/2023\/08\/paella-300x181.jpg 300w, https:\/\/terranova.lu\/wp-content\/uploads\/2023\/08\/paella-768x463.jpg 768w\" sizes=\"(max-width: 943px) 100vw, 943px\" \/><\/figure>\n<\/div>\n\n\n\n<div class=\"wp-block-column\">\n<figure class=\"wp-block-image size-full\"><img loading=\"lazy\" width=\"785\" height=\"621\" src=\"https:\/\/terranova.lu\/wp-content\/uploads\/2023\/08\/elsener-paella.jpg\" alt=\"\" class=\"wp-image-328\" srcset=\"https:\/\/terranova.lu\/wp-content\/uploads\/2023\/08\/elsener-paella.jpg 785w, https:\/\/terranova.lu\/wp-content\/uploads\/2023\/08\/elsener-paella-300x237.jpg 300w, https:\/\/terranova.lu\/wp-content\/uploads\/2023\/08\/elsener-paella-768x608.jpg 768w\" sizes=\"(max-width: 785px) 100vw, 785px\" \/><\/figure>\n<\/div>\n<\/div>\n\n\n\n<p class=\"has-accent-color has-text-color has-small-font-size\" style=\"font-style:normal;font-weight:700\"><strong>Samstag, 17. Juni 2023<\/strong>, 17.30 Uhr &#8211; <strong>&#171;Wortakrobatik mit Monika Berger&#187;<\/strong>.<\/p>\n\n\n\n<div class=\"wp-block-columns\">\n<div class=\"wp-block-column\" style=\"flex-basis:66.66%\">\n<figure class=\"wp-block-gallery has-nested-images columns-default is-cropped\">\n<figure class=\"wp-block-image size-large\"><img loading=\"lazy\" width=\"637\" height=\"458\" src=\"https:\/\/terranova.lu\/wp-content\/uploads\/2023\/05\/Bild1.png\" alt=\"\" class=\"wp-image-298\" srcset=\"https:\/\/terranova.lu\/wp-content\/uploads\/2023\/05\/Bild1.png 637w, https:\/\/terranova.lu\/wp-content\/uploads\/2023\/05\/Bild1-300x216.png 300w\" sizes=\"(max-width: 637px) 100vw, 637px\" \/><figcaption>Grafik: Rebecca Scholler<\/figcaption><\/figure>\n<\/figure>\n<\/div>\n\n\n\n<div class=\"wp-block-column\" style=\"flex-basis:33.33%\">\n<figure class=\"wp-block-gallery has-nested-images columns-default is-cropped\">\n<figure class=\"wp-block-image size-large\"><img loading=\"lazy\" width=\"494\" height=\"574\" src=\"https:\/\/terranova.lu\/wp-content\/uploads\/2023\/05\/Bild2.jpg\" alt=\"\" class=\"wp-image-299\" srcset=\"https:\/\/terranova.lu\/wp-content\/uploads\/2023\/05\/Bild2.jpg 494w, https:\/\/terranova.lu\/wp-content\/uploads\/2023\/05\/Bild2-258x300.jpg 258w\" sizes=\"(max-width: 494px) 100vw, 494px\" \/><figcaption>Monika Berger<\/figcaption><\/figure>\n<\/figure>\n<\/div>\n<\/div>\n\n\n\n<p class=\"has-accent-color has-text-color has-small-font-size\" style=\"font-style:normal;font-weight:700\"><strong>Donnerstag, 4. Mai 2023<\/strong>, 19.30 Uhr &#8211; &#171;Serge Robert &#8211; Schatten \u00fcber Luzern&#187; &#8211; Lesung franz\u00f6sisch-deutsch mit dem Autor und Nadja Pepe.<\/p>\n\n\n\n<div class=\"wp-block-columns\">\n<div class=\"wp-block-column\">\n<figure class=\"wp-block-image size-large\"><img loading=\"lazy\" width=\"1024\" height=\"717\" src=\"https:\/\/terranova.lu\/wp-content\/uploads\/2023\/05\/IMG_20230504_195952-1024x717.jpg\" alt=\"\" class=\"wp-image-297\" srcset=\"https:\/\/terranova.lu\/wp-content\/uploads\/2023\/05\/IMG_20230504_195952-1024x717.jpg 1024w, https:\/\/terranova.lu\/wp-content\/uploads\/2023\/05\/IMG_20230504_195952-300x210.jpg 300w, https:\/\/terranova.lu\/wp-content\/uploads\/2023\/05\/IMG_20230504_195952-768x538.jpg 768w, https:\/\/terranova.lu\/wp-content\/uploads\/2023\/05\/IMG_20230504_195952-1536x1076.jpg 1536w, https:\/\/terranova.lu\/wp-content\/uploads\/2023\/05\/IMG_20230504_195952-2048x1434.jpg 2048w, https:\/\/terranova.lu\/wp-content\/uploads\/2023\/05\/IMG_20230504_195952-1200x840.jpg 1200w, https:\/\/terranova.lu\/wp-content\/uploads\/2023\/05\/IMG_20230504_195952-1980x1387.jpg 1980w\" sizes=\"(max-width: 1024px) 100vw, 1024px\" \/><figcaption>Serge Robert und Nadja Pepe im Himmelrich<\/figcaption><\/figure>\n<\/div>\n\n\n\n<div class=\"wp-block-column\">\n<figure class=\"wp-block-image size-large is-resized\"><img loading=\"lazy\" src=\"https:\/\/terranova.lu\/wp-content\/uploads\/2023\/03\/Serge-Robert-3-web-1024x684.jpg\" alt=\"\" class=\"wp-image-276\" width=\"297\" height=\"198\" srcset=\"https:\/\/terranova.lu\/wp-content\/uploads\/2023\/03\/Serge-Robert-3-web-1024x684.jpg 1024w, https:\/\/terranova.lu\/wp-content\/uploads\/2023\/03\/Serge-Robert-3-web-300x200.jpg 300w, https:\/\/terranova.lu\/wp-content\/uploads\/2023\/03\/Serge-Robert-3-web-768x513.jpg 768w, https:\/\/terranova.lu\/wp-content\/uploads\/2023\/03\/Serge-Robert-3-web-1536x1025.jpg 1536w, https:\/\/terranova.lu\/wp-content\/uploads\/2023\/03\/Serge-Robert-3-web-2048x1367.jpg 2048w, https:\/\/terranova.lu\/wp-content\/uploads\/2023\/03\/Serge-Robert-3-web-1200x801.jpg 1200w, https:\/\/terranova.lu\/wp-content\/uploads\/2023\/03\/Serge-Robert-3-web-1980x1322.jpg 1980w\" sizes=\"(max-width: 297px) 100vw, 297px\" \/><figcaption>Serge Robert bei der Arbeit<\/figcaption><\/figure>\n<\/div>\n<\/div>\n\n\n\n<p class=\"has-accent-color has-text-color has-small-font-size\" style=\"font-style:normal;font-weight:700\"><strong>Montag, 13. M\u00e4rz 2023<\/strong>, 17.30 Uhr &#8211; &#171;Buch und Politik&#187; &#8211; Feierabendgespr\u00e4ch mit Ylfete Fanaj (Regierungsratskandidatin) und Ottilia L\u00fctolf (Kantonsratskandidatin) \u00fcber ihre Lieblingsb\u00fccher. <\/p>\n\n\n\n<div class=\"wp-block-columns\">\n<div class=\"wp-block-column\" style=\"flex-basis:100%\">\n<figure class=\"wp-block-image size-large is-resized\"><img loading=\"lazy\" src=\"https:\/\/terranova.lu\/wp-content\/uploads\/2023\/02\/Ottilia_Lu\u0308tolf_Elsener_klein-1024x682.jpg\" alt=\"\" class=\"wp-image-269\" width=\"287\" height=\"191\" srcset=\"https:\/\/terranova.lu\/wp-content\/uploads\/2023\/02\/Ottilia_Lu\u0308tolf_Elsener_klein-1024x682.jpg 1024w, https:\/\/terranova.lu\/wp-content\/uploads\/2023\/02\/Ottilia_Lu\u0308tolf_Elsener_klein-300x200.jpg 300w, https:\/\/terranova.lu\/wp-content\/uploads\/2023\/02\/Ottilia_Lu\u0308tolf_Elsener_klein-768x511.jpg 768w, https:\/\/terranova.lu\/wp-content\/uploads\/2023\/02\/Ottilia_Lu\u0308tolf_Elsener_klein-1536x1022.jpg 1536w, https:\/\/terranova.lu\/wp-content\/uploads\/2023\/02\/Ottilia_Lu\u0308tolf_Elsener_klein-2048x1363.jpg 2048w, https:\/\/terranova.lu\/wp-content\/uploads\/2023\/02\/Ottilia_Lu\u0308tolf_Elsener_klein-1200x799.jpg 1200w, https:\/\/terranova.lu\/wp-content\/uploads\/2023\/02\/Ottilia_Lu\u0308tolf_Elsener_klein-1980x1318.jpg 1980w\" sizes=\"(max-width: 287px) 100vw, 287px\" \/><figcaption>Ottilia L\u00fctolf hat Juli Zeh, &#171;\u00dcber Menschen&#187; ausgew\u00e4hlt<img src=\"https:\/\/terranova.lu\/wp-content\/uploads\/2023\/02\/foto-ylfete-hintergrundgrau-red-1024x683.jpg\" alt=\"\">Ylfete Fanaj hat K\u00fcbra G\u00fcm\u00fcsay, &#171;Sprache und Sein&#187; ausgew\u00e4hlt<\/figcaption><\/figure>\n<\/div>\n<\/div>\n\n\n\n<p class=\"has-accent-color has-text-color has-small-font-size\" style=\"font-style:normal;font-weight:700\"><strong>Mittwoch, 15. Februar 2023<\/strong>, 15 Uhr &#8211; Ernst Friedli liest aus seinem Buch &#171;Gedanken zur Weltlage&#187;<\/p>\n\n\n\n<figure class=\"wp-block-image size-large\"><img loading=\"lazy\" width=\"1024\" height=\"768\" src=\"https:\/\/terranova.lu\/wp-content\/uploads\/2023\/02\/friedli-1-1-1024x768.jpg\" alt=\"\" class=\"wp-image-265\" srcset=\"https:\/\/terranova.lu\/wp-content\/uploads\/2023\/02\/friedli-1-1-1024x768.jpg 1024w, https:\/\/terranova.lu\/wp-content\/uploads\/2023\/02\/friedli-1-1-300x225.jpg 300w, https:\/\/terranova.lu\/wp-content\/uploads\/2023\/02\/friedli-1-1-768x576.jpg 768w, https:\/\/terranova.lu\/wp-content\/uploads\/2023\/02\/friedli-1-1.jpg 1200w\" sizes=\"(max-width: 1024px) 100vw, 1024px\" \/><figcaption>Ernst Friedli liest aus seinen &#171;Gedanken zur Weltlage&#187;<\/figcaption><\/figure>\n\n\n\n<p><strong>Freitag, 20. Januar 2023, 19.30 Uhr &#8211; <\/strong>Beate Schnaithmann spielt Cello und begleitet ihre Lieblingslekt\u00fcre (Paolo Cognetti, Die acht Berge &#8211; Le otto montagne)<\/p>\n\n\n\n<div class=\"wp-block-columns\">\n<div class=\"wp-block-column\">\n<figure class=\"wp-block-image size-large\"><img loading=\"lazy\" width=\"1024\" height=\"683\" src=\"https:\/\/terranova.lu\/wp-content\/uploads\/2023\/02\/Cello-und-Buch_01-1024x683.jpg\" alt=\"\" class=\"wp-image-256\" srcset=\"https:\/\/terranova.lu\/wp-content\/uploads\/2023\/02\/Cello-und-Buch_01-1024x683.jpg 1024w, https:\/\/terranova.lu\/wp-content\/uploads\/2023\/02\/Cello-und-Buch_01-300x200.jpg 300w, https:\/\/terranova.lu\/wp-content\/uploads\/2023\/02\/Cello-und-Buch_01-768x512.jpg 768w, https:\/\/terranova.lu\/wp-content\/uploads\/2023\/02\/Cello-und-Buch_01-1536x1025.jpg 1536w, https:\/\/terranova.lu\/wp-content\/uploads\/2023\/02\/Cello-und-Buch_01-1200x800.jpg 1200w, https:\/\/terranova.lu\/wp-content\/uploads\/2023\/02\/Cello-und-Buch_01-1980x1321.jpg 1980w, https:\/\/terranova.lu\/wp-content\/uploads\/2023\/02\/Cello-und-Buch_01.jpg 2048w\" sizes=\"(max-width: 1024px) 100vw, 1024px\" \/><figcaption>Beate Schnaithmann am Cello<\/figcaption><\/figure>\n<\/div>\n\n\n\n<div class=\"wp-block-column\">\n<figure class=\"wp-block-image size-large is-resized\"><img loading=\"lazy\" src=\"https:\/\/terranova.lu\/wp-content\/uploads\/2023\/02\/Cello-und-Buch_03-1024x683.jpg\" alt=\"\" class=\"wp-image-257\" width=\"287\" height=\"191\" srcset=\"https:\/\/terranova.lu\/wp-content\/uploads\/2023\/02\/Cello-und-Buch_03-1024x683.jpg 1024w, https:\/\/terranova.lu\/wp-content\/uploads\/2023\/02\/Cello-und-Buch_03-300x200.jpg 300w, https:\/\/terranova.lu\/wp-content\/uploads\/2023\/02\/Cello-und-Buch_03-768x512.jpg 768w, https:\/\/terranova.lu\/wp-content\/uploads\/2023\/02\/Cello-und-Buch_03-1536x1025.jpg 1536w, https:\/\/terranova.lu\/wp-content\/uploads\/2023\/02\/Cello-und-Buch_03-1200x800.jpg 1200w, https:\/\/terranova.lu\/wp-content\/uploads\/2023\/02\/Cello-und-Buch_03-1980x1321.jpg 1980w, https:\/\/terranova.lu\/wp-content\/uploads\/2023\/02\/Cello-und-Buch_03.jpg 2048w\" sizes=\"(max-width: 287px) 100vw, 287px\" \/><figcaption>Markus Elsener (deutsch) und Ruth Maria Lerch (italienisch) mit Beate Schnaithmann<\/figcaption><\/figure>\n<\/div>\n<\/div>\n\n\n\n<p><strong>Freitag 2. Dezember 2022, 19.30 Uhr &#8211; <\/strong>Beat Sterchi liest aus &#171;Capricho &#8211; ein Sommer in meinem Garten&#187; und aus seinen &#171;Sprechtexten&#187; (im Gemeinschaftsraum Himmelrich 3).<\/p>\n\n\n\n<figure class=\"wp-block-gallery has-nested-images columns-default is-cropped\">\n<figure class=\"wp-block-image size-large\"><img loading=\"lazy\" width=\"1024\" height=\"768\" data-id=\"247\"  src=\"https:\/\/terranova.lu\/wp-content\/uploads\/2022\/12\/Sterchi-und-Elsener_01-1024x768.jpg\" alt=\"\" class=\"wp-image-247\" srcset=\"https:\/\/terranova.lu\/wp-content\/uploads\/2022\/12\/Sterchi-und-Elsener_01-1024x768.jpg 1024w, https:\/\/terranova.lu\/wp-content\/uploads\/2022\/12\/Sterchi-und-Elsener_01-300x225.jpg 300w, https:\/\/terranova.lu\/wp-content\/uploads\/2022\/12\/Sterchi-und-Elsener_01-768x576.jpg 768w, https:\/\/terranova.lu\/wp-content\/uploads\/2022\/12\/Sterchi-und-Elsener_01-1536x1152.jpg 1536w, https:\/\/terranova.lu\/wp-content\/uploads\/2022\/12\/Sterchi-und-Elsener_01-1200x900.jpg 1200w, https:\/\/terranova.lu\/wp-content\/uploads\/2022\/12\/Sterchi-und-Elsener_01.jpg 1600w\" sizes=\"(max-width: 1024px) 100vw, 1024px\" \/><\/figure>\n<figcaption class=\"blocks-gallery-caption\">Beat Sterchi, Autor, und Markus Elsener, Moderator<\/figcaption><\/figure>\n\n\n\n<p><strong>Mittwoch 23. November 2022<\/strong> &#8211; Mat\u00edas Acosta aus Uruguay stellt sein Kinderbuch &#171;Las visitas del verano &#8211; Die Sommerg\u00e4ste&#187; vor, begleitet von Tangomusik des Accordeonisten El-mar. <\/p>\n\n\n\n<figure class=\"wp-block-image is-resized\"><img loading=\"lazy\" src=\"https:\/\/terranova.lu\/wp-content\/uploads\/2022\/11\/Lesung_01-1-scaled.jpg\" alt=\"\" class=\"wp-image-227\" width=\"610\" height=\"328\" srcset=\"https:\/\/terranova.lu\/wp-content\/uploads\/2022\/11\/Lesung_01-1-scaled.jpg 2560w, https:\/\/terranova.lu\/wp-content\/uploads\/2022\/11\/Lesung_01-1-300x161.jpg 300w, https:\/\/terranova.lu\/wp-content\/uploads\/2022\/11\/Lesung_01-1-1024x551.jpg 1024w, https:\/\/terranova.lu\/wp-content\/uploads\/2022\/11\/Lesung_01-1-768x413.jpg 768w, https:\/\/terranova.lu\/wp-content\/uploads\/2022\/11\/Lesung_01-1-1536x826.jpg 1536w, https:\/\/terranova.lu\/wp-content\/uploads\/2022\/11\/Lesung_01-1-2048x1102.jpg 2048w, https:\/\/terranova.lu\/wp-content\/uploads\/2022\/11\/Lesung_01-1-1200x646.jpg 1200w, https:\/\/terranova.lu\/wp-content\/uploads\/2022\/11\/Lesung_01-1-1980x1065.jpg 1980w\" sizes=\"(max-width: 610px) 100vw, 610px\" \/><figcaption>Mat\u00edas Acosta und Sonia Matheson zeigen und lesen &#8211; gebannt h\u00f6ren die Kinder zu.<\/figcaption><\/figure>\n\n\n\n<ul><li><strong>Mittwoch, 1. Juni 2020<\/strong> &#8211; Johanna Rast &#8211; Vernissage ihres ersten Kinderbuchs &#171;Alba und der Pilatusdrache&#187;<\/li><\/ul>\n\n\n\n<figure class=\"wp-block-image size-large is-resized is-style-rounded\"><img loading=\"lazy\" src=\"https:\/\/terranova.lu\/wp-content\/uploads\/2022\/06\/Alba-1-1024x831.jpg\" alt=\"\" class=\"wp-image-194\" width=\"566\" height=\"460\" srcset=\"https:\/\/terranova.lu\/wp-content\/uploads\/2022\/06\/Alba-1-1024x831.jpg 1024w, https:\/\/terranova.lu\/wp-content\/uploads\/2022\/06\/Alba-1-300x243.jpg 300w, https:\/\/terranova.lu\/wp-content\/uploads\/2022\/06\/Alba-1-768x623.jpg 768w, https:\/\/terranova.lu\/wp-content\/uploads\/2022\/06\/Alba-1-1200x974.jpg 1200w, https:\/\/terranova.lu\/wp-content\/uploads\/2022\/06\/Alba-1.jpg 1453w\" sizes=\"(max-width: 566px) 100vw, 566px\" \/><\/figure>\n\n\n\n<ul><li><strong>Donnerstag, 5. Mai 2022, 19.30 Uhr<\/strong> &#8211; Fabio Andina, Lorenzo Custer &#8211; Lesung aus &#171;Momenti ticinesi&#187;<\/li><\/ul>\n\n\n\n<figure class=\"wp-block-image size-large is-resized is-style-rounded\"><img loading=\"lazy\" src=\"https:\/\/terranova.lu\/wp-content\/uploads\/2022\/06\/Andina-1-1024x768.jpg\" alt=\"\" class=\"wp-image-195\" width=\"591\" height=\"442\" srcset=\"https:\/\/terranova.lu\/wp-content\/uploads\/2022\/06\/Andina-1-1024x768.jpg 1024w, https:\/\/terranova.lu\/wp-content\/uploads\/2022\/06\/Andina-1-300x225.jpg 300w, https:\/\/terranova.lu\/wp-content\/uploads\/2022\/06\/Andina-1-768x576.jpg 768w, https:\/\/terranova.lu\/wp-content\/uploads\/2022\/06\/Andina-1-1200x900.jpg 1200w, https:\/\/terranova.lu\/wp-content\/uploads\/2022\/06\/Andina-1.jpg 1233w\" sizes=\"(max-width: 591px) 100vw, 591px\" \/><\/figure>\n\n\n\n<ul><li><strong>Freitag, 1. April 2022, 20 Uhr<\/strong> &#8211; Elmar B\u00fceler, Konzert Accordeon<\/li><\/ul>\n\n\n\n<div class=\"wp-block-image is-style-rounded\"><figure class=\"aligncenter size-large is-resized\"><img loading=\"lazy\" src=\"https:\/\/terranova.lu\/wp-content\/uploads\/2022\/04\/El-mar-01-881x1024.jpg\" alt=\"\" class=\"wp-image-182\" width=\"446\" height=\"518\" srcset=\"https:\/\/terranova.lu\/wp-content\/uploads\/2022\/04\/El-mar-01-881x1024.jpg 881w, https:\/\/terranova.lu\/wp-content\/uploads\/2022\/04\/El-mar-01-258x300.jpg 258w, https:\/\/terranova.lu\/wp-content\/uploads\/2022\/04\/El-mar-01-768x892.jpg 768w, https:\/\/terranova.lu\/wp-content\/uploads\/2022\/04\/El-mar-01-1322x1536.jpg 1322w, https:\/\/terranova.lu\/wp-content\/uploads\/2022\/04\/El-mar-01-1762x2048.jpg 1762w, https:\/\/terranova.lu\/wp-content\/uploads\/2022\/04\/El-mar-01-1200x1394.jpg 1200w, https:\/\/terranova.lu\/wp-content\/uploads\/2022\/04\/El-mar-01-1980x2301.jpg 1980w\" sizes=\"(max-width: 446px) 100vw, 446px\" \/><\/figure><\/div>\n\n\n\n<p><\/p>\n","protected":false},"excerpt":{"rendered":"<p>Samstag, 9. Mai 2026, 18.00 Uhr &#8211; franz\u00f6sisch-deutsche Lesung mit Cello-Begleitung: Christiane Antoniades- Menge &#171;Le bleu des origines&#187; \/ &#171;Das Blau der Urspr\u00fcnge&#187; Einwanderer aus dem Schweizer Jura in Nord-italien. Ein Leben in der Fremde, an der Grenze. Beschrieben aus der Sicht eines Kindes: Ein M\u00e4dchen auf der Suche nach dem stets abwe-senden Vater. Und [&hellip;]<\/p>\n","protected":false},"author":1,"featured_media":0,"parent":7,"menu_order":0,"comment_status":"closed","ping_status":"closed","template":"","meta":[],"_links":{"self":[{"href":"https:\/\/terranova.lu\/index.php?rest_route=\/wp\/v2\/pages\/164"}],"collection":[{"href":"https:\/\/terranova.lu\/index.php?rest_route=\/wp\/v2\/pages"}],"about":[{"href":"https:\/\/terranova.lu\/index.php?rest_route=\/wp\/v2\/types\/page"}],"author":[{"embeddable":true,"href":"https:\/\/terranova.lu\/index.php?rest_route=\/wp\/v2\/users\/1"}],"replies":[{"embeddable":true,"href":"https:\/\/terranova.lu\/index.php?rest_route=%2Fwp%2Fv2%2Fcomments&post=164"}],"version-history":[{"count":73,"href":"https:\/\/terranova.lu\/index.php?rest_route=\/wp\/v2\/pages\/164\/revisions"}],"predecessor-version":[{"id":633,"href":"https:\/\/terranova.lu\/index.php?rest_route=\/wp\/v2\/pages\/164\/revisions\/633"}],"up":[{"embeddable":true,"href":"https:\/\/terranova.lu\/index.php?rest_route=\/wp\/v2\/pages\/7"}],"wp:attachment":[{"href":"https:\/\/terranova.lu\/index.php?rest_route=%2Fwp%2Fv2%2Fmedia&parent=164"}],"curies":[{"name":"wp","href":"https:\/\/api.w.org\/{rel}","templated":true}]}}